{"id":70,"date":"2015-02-28T14:16:09","date_gmt":"2015-02-28T13:16:09","guid":{"rendered":"http:\/\/lecznica.gdynia.pl\/?page_id=70"},"modified":"2026-04-21T08:52:41","modified_gmt":"2026-04-21T07:52:41","slug":"16-22-marca","status":"publish","type":"page","link":"https:\/\/lecznica.gdynia.pl\/?page_id=70","title":{"rendered":"27\/04 &#8211; 03\/05"},"content":{"rendered":"<p>Godziny przyj\u0119\u0107 lekarzy w dniach:<strong>. 27.04.2026-03.05.2026<\/strong><\/p>\n<p><strong>Gdynia Red\u0142owo ul. Stryjska 25<\/strong><\/p>\n\n<table id=\"tablepress-2\" class=\"tablepress tablepress-id-2\">\n<thead>\n<tr class=\"row-1 odd\">\n\t<th class=\"column-1\">Imi\u0119 i Nazwisko<\/th><th class=\"column-2\">Pon. <\/th><th class=\"column-3\">Wt.<\/th><th class=\"column-4\">\u015ar.<\/th><th class=\"column-5\">Czw.<\/th><th class=\"column-6\">Pt.<\/th><th class=\"column-7\">Sob.<\/th><th class=\"column-8\">Nd.<\/th>\n<\/tr>\n<\/thead>\n<tbody class=\"row-hover\">\n<tr class=\"row-2 even\">\n\t<td class=\"column-1\">Maciej Debis<\/td><td class=\"column-2\">10-14<\/td><td class=\"column-3\">10-14<\/td><td class=\"column-4\">10-14<\/td><td class=\"column-5\">10-14<\/td><td class=\"column-6\">--<\/td><td class=\"column-7\"><\/td><td class=\"column-8\"><\/td>\n<\/tr>\n<tr class=\"row-3 odd\">\n\t<td class=\"column-1\">Liza Litwi\u0144ska<\/td><td class=\"column-2\">9-15<\/td><td class=\"column-3\">9-15<\/td><td class=\"column-4\">9-15<\/td><td class=\"column-5\">9-15<\/td><td class=\"column-6\">--<\/td><td class=\"column-7\"><\/td><td class=\"column-8\"><\/td>\n<\/tr>\n<tr class=\"row-4 even\">\n\t<td class=\"column-1\">Eryk Ratajski<\/td><td class=\"column-2\">15-20<\/td><td class=\"column-3\">15-20<\/td><td class=\"column-4\">15-20<\/td><td class=\"column-5\">15-20<\/td><td class=\"column-6\">--<\/td><td class=\"column-7\"><\/td><td class=\"column-8\"><\/td>\n<\/tr>\n<tr class=\"row-5 odd\">\n\t<td class=\"column-1\">Karolina Pakizer<\/td><td class=\"column-2\">15-20<\/td><td class=\"column-3\">15-20<\/td><td class=\"column-4\">15-20<\/td><td class=\"column-5\">15-20<\/td><td class=\"column-6\">--<\/td><td class=\"column-7\"><\/td><td class=\"column-8\"><\/td>\n<\/tr>\n<\/tbody>\n<\/table>\n<!-- #tablepress-2 from cache -->\n<p><strong><span style=\"color: #ff0000;\">Dy\u017cur codziennie od godz.19.00 do godziny 22.00 oraz w soboty ,niedziel\u0119 i \u015bwi\u0119ta.<\/span><br \/>\n<\/strong><\/p>\n<hr>\n<p><strong>Gdynia Ob\u0142u\u017ce ul. Cechowa 11<\/strong><\/p>\n\n<table id=\"tablepress-3\" class=\"tablepress tablepress-id-3\">\n<thead>\n<tr class=\"row-1 odd\">\n\t<th class=\"column-1\">Imi\u0119 i Nazwisko<\/th><th class=\"column-2\">Pon.<\/th><th class=\"column-3\">Wt.<\/th><th class=\"column-4\">\u015ar.<\/th><th class=\"column-5\">Czw.<\/th><th class=\"column-6\">Pt.<\/th><th class=\"column-7\">Sob.<\/th>\n<\/tr>\n<\/thead>\n<tbody class=\"row-hover\">\n<tr class=\"row-2 even\">\n\t<td class=\"column-1\">Maksymilian Matusewicz<\/td><td class=\"column-2\">---<\/td><td class=\"column-3\">10-48<\/td><td class=\"column-4\">10-18<\/td><td class=\"column-5\">10-18<\/td><td class=\"column-6\">nieczynne<\/td><td class=\"column-7\"><\/td>\n<\/tr>\n<tr class=\"row-3 odd\">\n\t<td class=\"column-1\">Maja Hartung<\/td><td class=\"column-2\">10-18<\/td><td class=\"column-3\"><\/td><td class=\"column-4\"><\/td><td class=\"column-5\"><\/td><td class=\"column-6\"><\/td><td class=\"column-7\"><\/td>\n<\/tr>\n<\/tbody>\n<\/table>\n<!-- #tablepress-3 from cache -->\n","protected":false},"excerpt":{"rendered":"<p>Godziny przyj\u0119\u0107 lekarzy w dniach:. 27.04.2026-03.05.2026 Gdynia Red\u0142owo ul. Stryjska 25 Dy\u017cur codziennie od godz.19.00 do godziny 22.00 oraz w soboty ,niedziel\u0119 i \u015bwi\u0119ta. Gdynia Ob\u0142u\u017ce ul. Cechowa 11<\/p>\n<p class=\"continue-reading-button\"> <a class=\"continue-reading-link\" href=\"https:\/\/lecznica.gdynia.pl\/?page_id=70\">Czytaj dalej<i class=\"crycon-right-dir\"><\/i><\/a><\/p>\n","protected":false},"author":1,"featured_media":0,"parent":28,"menu_order":0,"comment_status":"closed","ping_status":"closed","template":"","meta":{"ngg_post_thumbnail":0,"footnotes":""},"_links":{"self":[{"href":"https:\/\/lecznica.gdynia.pl\/index.php?rest_route=\/wp\/v2\/pages\/70"}],"collection":[{"href":"https:\/\/lecznica.gdynia.pl\/index.php?rest_route=\/wp\/v2\/pages"}],"about":[{"href":"https:\/\/lecznica.gdynia.pl\/index.php?rest_route=\/wp\/v2\/types\/page"}],"author":[{"embeddable":true,"href":"https:\/\/lecznica.gdynia.pl\/index.php?rest_route=\/wp\/v2\/users\/1"}],"replies":[{"embeddable":true,"href":"https:\/\/lecznica.gdynia.pl\/index.php?rest_route=%2Fwp%2Fv2%2Fcomments&post=70"}],"version-history":[{"count":174,"href":"https:\/\/lecznica.gdynia.pl\/index.php?rest_route=\/wp\/v2\/pages\/70\/revisions"}],"predecessor-version":[{"id":4871,"href":"https:\/\/lecznica.gdynia.pl\/index.php?rest_route=\/wp\/v2\/pages\/70\/revisions\/4871"}],"up":[{"embeddable":true,"href":"https:\/\/lecznica.gdynia.pl\/index.php?rest_route=\/wp\/v2\/pages\/28"}],"wp:attachment":[{"href":"https:\/\/lecznica.gdynia.pl\/index.php?rest_route=%2Fwp%2Fv2%2Fmedia&parent=70"}],"curies":[{"name":"wp","href":"https:\/\/api.w.org\/{rel}","templated":true}]}}